{"id":4326,"date":"2025-07-08T16:27:28","date_gmt":"2025-07-08T14:27:28","guid":{"rendered":"https:\/\/steuer-dienst.ch\/?post_type=avada_faq&#038;p=4326"},"modified":"2025-07-08T16:27:28","modified_gmt":"2025-07-08T14:27:28","slug":"spendenbeitraege-an-gemeinnuetzige-organisationen","status":"publish","type":"avada_faq","link":"https:\/\/steuer-dienst.ch\/de_ch\/faqs\/spendenbeitraege-an-gemeinnuetzige-organisationen\/","title":{"rendered":"Spendenbeitr\u00e4ge an gemeinn\u00fctzige Organisationen"},"content":{"rendered":"<p id=\"viewer-ettb7741681\" class=\"R920X _5wA-D d0eTW vC2ou -oJ0G\"><span class=\"J6XX-\">Spenden an gemeinn\u00fctzige Institutionen und Organisationen k\u00f6nnen steuerlich geltend gemacht werden. Get\u00e4tigte Spenden an \u00f6ffentliche und andere, ausschliesslich gemeinn\u00fctzig t\u00e4tige Organisationen, d\u00fcrfen unter Einhaltung bestimmter Vorgaben von der Steuer abgezogen werden.<\/span><\/p>\n<p id=\"viewer-xvqx0741683\" class=\"R920X _5wA-D d0eTW vC2ou -oJ0G\"><span class=\"J6XX-\">Hier sollte immer gepr\u00fcft werden, ob die jeweilige Organisation als gemeinn\u00fctzig anerkannt ist, wie hoch der Betrag einer Spende mindestens und maximal sein darf und auch, ob Pauschalabz\u00fcge genutzt werden k\u00f6nnen. Welche Minimal- und Maximalbetr\u00e4ge f\u00fcr Spenden an gemeinn\u00fctzige Organisationen im Kanton Z\u00fcrich aktuell g\u00fcltig sind, erfahren Sie von unserem Steuerberater oder Ihrer zust\u00e4ndigen Steuerbeh\u00f6rde f\u00fcr Aeugst am Albis.<\/span><\/p>\n","protected":false},"excerpt":{"rendered":"<p>Spenden an gemeinn\u00fctzige Institutionen und Organisationen k\u00f6nnen steuerlich geltend gemacht  [&#8230;]<\/p>\n","protected":false},"author":2,"featured_media":0,"menu_order":0,"comment_status":"open","ping_status":"closed","template":"","format":"standard","meta":{"_acf_changed":false,"om_disable_all_campaigns":false,"_monsterinsights_skip_tracking":false,"_monsterinsights_sitenote_active":false,"_monsterinsights_sitenote_note":"","_monsterinsights_sitenote_category":0,"footnotes":""},"faq_category":[],"class_list":["post-4326","avada_faq","type-avada_faq","status-publish","format-standard","hentry"],"acf":[],"_links":{"self":[{"href":"https:\/\/steuer-dienst.ch\/de_ch\/wp-json\/wp\/v2\/avada_faq\/4326","targetHints":{"allow":["GET"]}}],"collection":[{"href":"https:\/\/steuer-dienst.ch\/de_ch\/wp-json\/wp\/v2\/avada_faq"}],"about":[{"href":"https:\/\/steuer-dienst.ch\/de_ch\/wp-json\/wp\/v2\/types\/avada_faq"}],"author":[{"embeddable":true,"href":"https:\/\/steuer-dienst.ch\/de_ch\/wp-json\/wp\/v2\/users\/2"}],"replies":[{"embeddable":true,"href":"https:\/\/steuer-dienst.ch\/de_ch\/wp-json\/wp\/v2\/comments?post=4326"}],"version-history":[{"count":1,"href":"https:\/\/steuer-dienst.ch\/de_ch\/wp-json\/wp\/v2\/avada_faq\/4326\/revisions"}],"predecessor-version":[{"id":4327,"href":"https:\/\/steuer-dienst.ch\/de_ch\/wp-json\/wp\/v2\/avada_faq\/4326\/revisions\/4327"}],"wp:attachment":[{"href":"https:\/\/steuer-dienst.ch\/de_ch\/wp-json\/wp\/v2\/media?parent=4326"}],"wp:term":[{"taxonomy":"faq_category","embeddable":true,"href":"https:\/\/steuer-dienst.ch\/de_ch\/wp-json\/wp\/v2\/faq_category?post=4326"}],"curies":[{"name":"wp","href":"https:\/\/api.w.org\/{rel}","templated":true}]}}