{"id":4318,"date":"2025-07-08T16:26:34","date_gmt":"2025-07-08T14:26:34","guid":{"rendered":"https:\/\/steuer-dienst.ch\/?post_type=avada_faq&#038;p=4318"},"modified":"2025-07-08T16:26:34","modified_gmt":"2025-07-08T14:26:34","slug":"kosten-fuer-kinderbetreuung","status":"publish","type":"avada_faq","link":"https:\/\/steuer-dienst.ch\/de_ch\/faqs\/kosten-fuer-kinderbetreuung\/","title":{"rendered":"Kosten f\u00fcr Kinderbetreuung"},"content":{"rendered":"<p id=\"viewer-svqju741640\" class=\"R920X _5wA-D d0eTW vC2ou -oJ0G\"><span class=\"J6XX-\">Angefallene Kosten f\u00fcr die Fremdbetreuung von Kindern k\u00f6nnen steuerlich geltend gemacht werden. Typischerweise k\u00f6nnen die Kosten f\u00fcr Kinderkrippe und Tagesm\u00fctter von der Steuer abgezogen werden. Hierbei d\u00fcrfen festgelegte Maximalbetr\u00e4ge nicht \u00fcberschritten werden.<\/span><\/p>\n<p class=\"R920X _5wA-D d0eTW vC2ou -oJ0G\"><span class=\"J6XX-\">Stand 2024:<br \/>\nKanton ZH: 25&#8217;000<br \/>\n<\/span><span class=\"J6XX-\">Bund: 25&#8217;500<\/span><\/p>\n","protected":false},"excerpt":{"rendered":"<p>Angefallene Kosten f\u00fcr die Fremdbetreuung von Kindern k\u00f6nnen steuerlich geltend  [&#8230;]<\/p>\n","protected":false},"author":2,"featured_media":0,"menu_order":0,"comment_status":"open","ping_status":"closed","template":"","format":"standard","meta":{"_acf_changed":false,"om_disable_all_campaigns":false,"_monsterinsights_skip_tracking":false,"_monsterinsights_sitenote_active":false,"_monsterinsights_sitenote_note":"","_monsterinsights_sitenote_category":0,"footnotes":""},"faq_category":[],"class_list":["post-4318","avada_faq","type-avada_faq","status-publish","format-standard","hentry"],"acf":[],"_links":{"self":[{"href":"https:\/\/steuer-dienst.ch\/de_ch\/wp-json\/wp\/v2\/avada_faq\/4318","targetHints":{"allow":["GET"]}}],"collection":[{"href":"https:\/\/steuer-dienst.ch\/de_ch\/wp-json\/wp\/v2\/avada_faq"}],"about":[{"href":"https:\/\/steuer-dienst.ch\/de_ch\/wp-json\/wp\/v2\/types\/avada_faq"}],"author":[{"embeddable":true,"href":"https:\/\/steuer-dienst.ch\/de_ch\/wp-json\/wp\/v2\/users\/2"}],"replies":[{"embeddable":true,"href":"https:\/\/steuer-dienst.ch\/de_ch\/wp-json\/wp\/v2\/comments?post=4318"}],"version-history":[{"count":1,"href":"https:\/\/steuer-dienst.ch\/de_ch\/wp-json\/wp\/v2\/avada_faq\/4318\/revisions"}],"predecessor-version":[{"id":4319,"href":"https:\/\/steuer-dienst.ch\/de_ch\/wp-json\/wp\/v2\/avada_faq\/4318\/revisions\/4319"}],"wp:attachment":[{"href":"https:\/\/steuer-dienst.ch\/de_ch\/wp-json\/wp\/v2\/media?parent=4318"}],"wp:term":[{"taxonomy":"faq_category","embeddable":true,"href":"https:\/\/steuer-dienst.ch\/de_ch\/wp-json\/wp\/v2\/faq_category?post=4318"}],"curies":[{"name":"wp","href":"https:\/\/api.w.org\/{rel}","templated":true}]}}