{"id":4298,"date":"2025-07-08T16:23:28","date_gmt":"2025-07-08T14:23:28","guid":{"rendered":"https:\/\/steuer-dienst.ch\/?post_type=avada_faq&#038;p=4298"},"modified":"2025-07-08T16:23:28","modified_gmt":"2025-07-08T14:23:28","slug":"fahrtkosten-fuer-den-arbeitsweg","status":"publish","type":"avada_faq","link":"https:\/\/steuer-dienst.ch\/de_ch\/faqs\/fahrtkosten-fuer-den-arbeitsweg\/","title":{"rendered":"Fahrtkosten f\u00fcr den Arbeitsweg"},"content":{"rendered":"<p>Die Fahrtkosten zur Arbeit k\u00f6nnen von der Steuer abgezogen werden. Hierbei k\u00f6nnen die Kosten sowohl mit dem eigenen Auto, dem Velo oder dem \u00d6V entstanden sein. Beim Verrechnen der Fahrtkosten gibt es einige Einzelheiten zu beachten. Die Fahrtkosten sind nicht in jedem Fall anrechenbar und m\u00fcssen bestimmte Voraussetzungen erf\u00fcllen. Dar\u00fcber hinaus gilt ein H\u00f6chstbetrag der abziehbaren Kosten von CHF 3&#8217;000 Direkte Bundessteuer und CHF 5&#8217;000 Staatssteuer Kanton Z\u00fcrich.<\/p>\n","protected":false},"excerpt":{"rendered":"<p>Die Fahrtkosten zur Arbeit k\u00f6nnen von der Steuer abgezogen werden.  [&#8230;]<\/p>\n","protected":false},"author":2,"featured_media":0,"menu_order":0,"comment_status":"open","ping_status":"closed","template":"","format":"standard","meta":{"_acf_changed":false,"om_disable_all_campaigns":false,"_monsterinsights_skip_tracking":false,"_monsterinsights_sitenote_active":false,"_monsterinsights_sitenote_note":"","_monsterinsights_sitenote_category":0,"footnotes":""},"faq_category":[],"class_list":["post-4298","avada_faq","type-avada_faq","status-publish","format-standard","hentry"],"acf":[],"_links":{"self":[{"href":"https:\/\/steuer-dienst.ch\/de_ch\/wp-json\/wp\/v2\/avada_faq\/4298","targetHints":{"allow":["GET"]}}],"collection":[{"href":"https:\/\/steuer-dienst.ch\/de_ch\/wp-json\/wp\/v2\/avada_faq"}],"about":[{"href":"https:\/\/steuer-dienst.ch\/de_ch\/wp-json\/wp\/v2\/types\/avada_faq"}],"author":[{"embeddable":true,"href":"https:\/\/steuer-dienst.ch\/de_ch\/wp-json\/wp\/v2\/users\/2"}],"replies":[{"embeddable":true,"href":"https:\/\/steuer-dienst.ch\/de_ch\/wp-json\/wp\/v2\/comments?post=4298"}],"version-history":[{"count":1,"href":"https:\/\/steuer-dienst.ch\/de_ch\/wp-json\/wp\/v2\/avada_faq\/4298\/revisions"}],"predecessor-version":[{"id":4299,"href":"https:\/\/steuer-dienst.ch\/de_ch\/wp-json\/wp\/v2\/avada_faq\/4298\/revisions\/4299"}],"wp:attachment":[{"href":"https:\/\/steuer-dienst.ch\/de_ch\/wp-json\/wp\/v2\/media?parent=4298"}],"wp:term":[{"taxonomy":"faq_category","embeddable":true,"href":"https:\/\/steuer-dienst.ch\/de_ch\/wp-json\/wp\/v2\/faq_category?post=4298"}],"curies":[{"name":"wp","href":"https:\/\/api.w.org\/{rel}","templated":true}]}}